{"id":15018,"date":"2022-08-30T13:22:40","date_gmt":"2022-08-30T13:22:40","guid":{"rendered":"https:\/\/primeiraigreja.pt\/quem-somos\/declaracao-de-fe-copy\/"},"modified":"2026-02-12T10:04:24","modified_gmt":"2026-02-12T10:04:24","slug":"declaracao-de-fe","status":"publish","type":"page","link":"https:\/\/primeiraigreja.pt\/?page_id=15018","title":{"rendered":"Declara\u00e7\u00e3o de f\u00e9"},"content":{"rendered":"\t\t<div data-elementor-type=\"wp-page\" data-elementor-id=\"15018\" class=\"elementor elementor-15018\" data-elementor-post-type=\"page\">\n\t\t\t\t\t\t<section data-dce-background-color=\"#FFFFFF\" data-dce-background-overlay-color=\"#0C3148\" data-dce-background-image-url=\"https:\/\/primeiraigreja.pt\/wp-content\/uploads\/2022\/08\/DSC03057.jpg\" class=\"elementor-section elementor-top-section elementor-element elementor-element-b9de10d elementor-hidden-mobile elementor-section-boxed elementor-section-height-default elementor-section-height-default\" data-id=\"b9de10d\" data-element_type=\"section\" data-e-type=\"section\" data-settings=\"{&quot;background_background&quot;:&quot;classic&quot;}\">\n\t\t\t\t\t\t\t<div class=\"elementor-background-overlay\"><\/div>\n\t\t\t\t\t\t\t<div class=\"elementor-container elementor-column-gap-default\">\n\t\t\t\t\t<div class=\"elementor-column elementor-col-100 elementor-top-column elementor-element elementor-element-5334582\" data-id=\"5334582\" data-element_type=\"column\" data-e-type=\"column\">\n\t\t\t<div class=\"elementor-widget-wrap elementor-element-populated\">\n\t\t\t\t\t\t<div data-dce-title-color=\"#FFFFFF\" class=\"elementor-element elementor-element-fb4d042 elementor-widget elementor-widget-heading\" data-id=\"fb4d042\" data-element_type=\"widget\" data-e-type=\"widget\" data-widget_type=\"heading.default\">\n\t\t\t\t<div class=\"elementor-widget-container\">\n\t\t\t\t\t<h1 class=\"elementor-heading-title elementor-size-xl\">DECLARA\u00c7\u00c3O DE F\u00c9<\/h1>\t\t\t\t<\/div>\n\t\t\t\t<\/div>\n\t\t\t\t\t<\/div>\n\t\t<\/div>\n\t\t\t\t\t<\/div>\n\t\t<\/section>\n\t\t\t\t<section class=\"elementor-section elementor-top-section elementor-element elementor-element-ed6e4cc elementor-hidden-desktop elementor-hidden-tablet elementor-section-boxed elementor-section-height-default elementor-section-height-default\" data-id=\"ed6e4cc\" data-element_type=\"section\" data-e-type=\"section\">\n\t\t\t\t\t\t<div class=\"elementor-container elementor-column-gap-default\">\n\t\t\t\t\t<div class=\"elementor-column elementor-col-100 elementor-top-column elementor-element elementor-element-9fc174a\" data-id=\"9fc174a\" data-element_type=\"column\" data-e-type=\"column\">\n\t\t\t<div class=\"elementor-widget-wrap elementor-element-populated\">\n\t\t\t\t\t\t<div class=\"elementor-element elementor-element-52febfa elementor-widget elementor-widget-text-editor\" data-id=\"52febfa\" data-element_type=\"widget\" data-e-type=\"widget\" data-widget_type=\"text-editor.default\">\n\t\t\t\t<div class=\"elementor-widget-container\">\n\t\t\t\t\t\t\t\t\t<h6>DECLARA\u00c7\u00c3O<\/h6><h6>DE F\u00c9<\/h6>\t\t\t\t\t\t\t\t<\/div>\n\t\t\t\t<\/div>\n\t\t\t\t\t<\/div>\n\t\t<\/div>\n\t\t\t\t\t<\/div>\n\t\t<\/section>\n\t\t\t\t<section class=\"elementor-section elementor-top-section elementor-element elementor-element-44abcd23 elementor-section-boxed elementor-section-height-default elementor-section-height-default\" data-id=\"44abcd23\" data-element_type=\"section\" data-e-type=\"section\">\n\t\t\t\t\t\t<div class=\"elementor-container elementor-column-gap-default\">\n\t\t\t\t\t<div class=\"elementor-column elementor-col-100 elementor-top-column elementor-element elementor-element-342f6b7d\" data-id=\"342f6b7d\" data-element_type=\"column\" data-e-type=\"column\">\n\t\t\t<div class=\"elementor-widget-wrap elementor-element-populated\">\n\t\t\t\t\t\t<div class=\"elementor-element elementor-element-d462635 elementor-hidden-mobile elementor-widget elementor-widget-text-editor\" data-id=\"d462635\" data-element_type=\"widget\" data-e-type=\"widget\" data-widget_type=\"text-editor.default\">\n\t\t\t\t<div class=\"elementor-widget-container\">\n\t\t\t\t\t\t\t\t\t<p>A Primeira Igreja Baptista de Lisboa subscreve a Confiss\u00e3o de F\u00e9 Baptista de Londres de 1689, como uma exposi\u00e7\u00e3o fiel do que a B\u00edblia ensina. A Declara\u00e7\u00e3o de F\u00e9 de New Hampshire (1853) \u00e9 uma exposi\u00e7\u00e3o mais breve e \u00e9 afirmada sem reservas por todos os membros da igreja.<\/p><p>Adicionalmente, subscrevemos a Declara\u00e7\u00f5es de <a href=\"http:\/\/www.monergismo.com\/textos\/credos\/declaracao_chicago.htm\">Chicago<\/a>, <a href=\"https:\/\/cbmw.org\/nashville-statement\/\">Nashville<\/a> e <a href=\"https:\/\/cbmw.org\/about\/danvers-statement\/\">Danvers<\/a>.<\/p><h3><strong>DECLARA\u00c7\u00c3O DE F\u00c9 DE NEW HAMPSHIRE (1853)<\/strong><\/h3><p><strong style=\"color: var( --e-global-color-text ); font-family: var( --e-global-typography-text-font-family ), Sans-serif;\">01. Das Escrituras<\/strong><\/p><p>Cremos que a B\u00edblia Sagrada foi escrita por homens divinamente inspirados, e \u00e9 um perfeito tesouro de instru\u00e7\u00e3o celestial; que tem Deus como seu autor, salva\u00e7\u00e3o como seu fim, e verdade sem qualquer mistura de erro como seu conte\u00fado; que ela revela os princ\u00edpios pelos quais Deus nos julgar\u00e1; e por isso \u00e9, e continuar\u00e1 sendo at\u00e9 o fim do mundo, o verdadeiro centro da uni\u00e3o crist\u00e3, e o supremo padr\u00e3o pelo qual toda conduta, credos, e opini\u00f5es humanas devem ser julgados.<\/p><p><strong style=\"color: var( --e-global-color-text ); font-family: var( --e-global-typography-text-font-family ), Sans-serif;\">02. Do Verdadeiro Deus<\/strong><\/p><p>Cremos que h\u00e1 um, e somente um, Deus vivo e verdadeiro; um Esp\u00edrito infinito, inteligente, cujo nome \u00e9 Jeov\u00e1; o Criador e Supremo Governador do c\u00e9u e da terra, inexprimivelmente glorioso em santidade, e digno de toda honra, confian\u00e7a, e amor poss\u00edveis; que na unidade da divindade h\u00e1 tr\u00eas Pessoas: o Pai, o Filho, e o Esp\u00edrito Santo; iguais em toda a perfei\u00e7\u00e3o divina, e executando distintos e harmoniosos of\u00edcios na grande obra da reden\u00e7\u00e3o.<\/p><p><strong style=\"color: var( --e-global-color-text ); font-family: var( --e-global-typography-text-font-family ), Sans-serif;\">03. Da Queda do Homem<\/strong><\/p><p>Cremos que o homem foi criado em santidade, sob a lei de seu Criador; mas por transgress\u00e3o volunt\u00e1ria caiu daquele santo e feliz estado; em consequ\u00eancia do que todos os homens s\u00e3o agora pecadores, n\u00e3o por constrangimento, mas por escolha; sendo por natureza completamente destitu\u00eddos daquela santidade requerida pela Lei de Deus, inegavelmente inclinado para o mal, e por isso sob justa condena\u00e7\u00e3o \u00e0 ru\u00edna eterna, sem defesa ou desculpa.<\/p><p><strong style=\"color: var( --e-global-color-text ); font-family: var( --e-global-typography-text-font-family ), Sans-serif;\">04. Do Caminho da Salva\u00e7\u00e3o<\/strong><\/p><p>Cremos que a salva\u00e7\u00e3o de pecadores \u00e9 totalmente de gra\u00e7a, atrav\u00e9s do of\u00edcio mediador do Filho de Deus; que pelo decreto do Pai, livremente tomou sobre si a nossa natureza, mas sem pecado; honrou a Lei Divina pela sua obedi\u00eancia pessoal; que tendo ressuscitado da morte, Ele est\u00e1 agora entronizado no c\u00e9u; e unindo em sua maravilhosa pessoa as mais ternas simpatias com divinas perfei\u00e7\u00f5es, Ele \u00e9 de todos os modos qualificado para ser um salvador adequado, compassivo e todo-suficiente.<\/p><p><strong style=\"color: var( --e-global-color-text ); font-family: var( --e-global-typography-text-font-family ), Sans-serif;\">05. Da Justifica\u00e7\u00e3o<\/strong><\/p><p>Cremos que a grande b\u00ean\u00e7\u00e3o evang\u00e9lica que Cristo assegura a tantos quantos cr\u00eaem nele \u00e9 a justifica\u00e7\u00e3o; que a justifica\u00e7\u00e3o inclui o perd\u00e3o de pecado, e a promessa de vida eterna sobre os princ\u00edpios da justi\u00e7a; que ela \u00e9 aplicada, n\u00e3o em considera\u00e7\u00e3o de quaisquer obras de justi\u00e7a que n\u00f3s temos feito, mas exclusivamente atrav\u00e9s da f\u00e9 no sangue do Redentor; em virtude do que sua perfeita justi\u00e7a \u00e9 livremente imputada a n\u00f3s por Deus mediante a f\u00e9; que leva-nos para um estado da mais aben\u00e7oada paz e favor com Deus, e nos assegura as b\u00ean\u00e7\u00e3os necess\u00e1rias para o tempo e a eternidade.<\/p><p><strong style=\"color: var( --e-global-color-text ); font-family: var( --e-global-typography-text-font-family ), Sans-serif;\">06. Da Natureza Livre da Salva\u00e7\u00e3o<\/strong><\/p><p>Cremos que as b\u00ean\u00e7\u00e3os da salva\u00e7\u00e3o s\u00e3o colocadas \u00e0 disposi\u00e7\u00e3o de todos pelo evangelho; que \u00e9 o dever imediato de todos aceit\u00e1-las por uma f\u00e9 cordial, penitente e obediente; e que nada impede a salva\u00e7\u00e3o do maior pecador na terra exceto sua pr\u00f3pria deprava\u00e7\u00e3o inerente e rejei\u00e7\u00e3o volunt\u00e1ria do evangelho; que a rejei\u00e7\u00e3o envolve-o em uma condena\u00e7\u00e3o agravada.<\/p><p><strong style=\"color: var( --e-global-color-text ); font-family: var( --e-global-typography-text-font-family ), Sans-serif;\">07. Da Gra\u00e7a na Regenera\u00e7\u00e3o<\/strong><\/p><p>Cremos que, a fim de serem salvos, os pecadores devem ser regenerados, ou nascidos de novo; que a regenera\u00e7\u00e3o consiste em dar uma disposi\u00e7\u00e3o santa \u00e0 mente; que ela \u00e9 efetuada de uma maneira acima da nossa compreens\u00e3o pelo poder do Esp\u00edrito Santo, com base na verdade divina, de maneira a assegurar nossa obedi\u00eancia volunt\u00e1ria ao evangelho; e que sua evid\u00eancia apropriada aparece nos santos frutos do arrependimento, f\u00e9 e novidade de vida.<\/p><p><strong style=\"color: var( --e-global-color-text ); font-family: var( --e-global-typography-text-font-family ), Sans-serif;\">08. Do Arrependimento e da F\u00e9<\/strong><\/p><p>Cremos que o arrependimento e a f\u00e9 s\u00e3o deveres sagrados, e tamb\u00e9m gra\u00e7as insepar\u00e1veis, operadas em nossas almas pelo Esp\u00edrito regenerador de Deus; pelo que sendo profundamente convencidos de nossa culpa, perigo e incapacidade, e do caminho da salva\u00e7\u00e3o por Cristo, n\u00f3s retornamos para Deus com contri\u00e7\u00e3o, confiss\u00e3o e s\u00faplica por miseric\u00f3rdia n\u00e3o fingidas; ao mesmo tempo recebendo genuinamente o Senhor Jesus Cristo como nosso profeta, sacerdote e Rei, e confiando nele somente como \u00fanico e todo-suficiente salvador.<\/p><p><strong style=\"color: var( --e-global-color-text ); font-family: var( --e-global-typography-text-font-family ), Sans-serif;\">09. Do Prop\u00f3sito da Gra\u00e7a de Deus<\/strong><\/p><p>Cremos que a elei\u00e7\u00e3o \u00e9 o eterno prop\u00f3sito de Deus, segundo o qual Ele graciosamente regenera, santifica e salva pecadores; que sendo perfeitamente consistente com a livre ag\u00eancia do homem, abrange todos os meios em rela\u00e7\u00e3o com o fim; que \u00e9 uma demonstra\u00e7\u00e3o gloriosa da bondade soberana de Deus, sendo infinitamente livre, s\u00e1bia, santa, e imut\u00e1vel; que ela exclui completamente a vangl\u00f3ria, e promove humildade, amor, ora\u00e7\u00e3o, louvor, confian\u00e7a em Deus, e uma ativa imita\u00e7\u00e3o da sua livre miseric\u00f3rdia; que ela encoraja o uso dos meios no mais alto grau; que ela pode ser percebida pelos seus efeitos em todo aquele que verdadeiramente cr\u00ea no evangelho; que \u00e9 o alicerce da seguran\u00e7a crist\u00e3; e que verific\u00e1-la com respeito a n\u00f3s mesmos requer e merece a m\u00e1xima dilig\u00eancia.<\/p><p><strong style=\"color: var( --e-global-color-text ); font-family: var( --e-global-typography-text-font-family ), Sans-serif;\">10. Da Santifica\u00e7\u00e3o<\/strong><\/p><p>Cremos que a santifica\u00e7\u00e3o \u00e9 o processo pelo qual, segundo a vontade de Deus, n\u00f3s somos feitos participantes da sua santidade; que ela \u00e9 uma obra progressiva; que \u00e9 iniciada na regenera\u00e7\u00e3o e que \u00e9 efetivada nos cora\u00e7\u00f5es dos crentes pela presen\u00e7a e poder do Esp\u00edrito Santo, o Selador e Consolador, no uso cont\u00ednuo dos meios decretados &#8211; especialmente a Palavra de Deus, o auto-exame, a abnega\u00e7\u00e3o, a vigil\u00e2ncia, e a ora\u00e7\u00e3o.<\/p><p><strong style=\"color: var( --e-global-color-text ); font-family: var( --e-global-typography-text-font-family ), Sans-serif;\">11. Da Perseveran\u00e7a dos Santos<\/strong><\/p><p>Cremos que s\u00e3o crentes leg\u00edtimos aqueles que resistem at\u00e9 o fim; que os seus perseverantes v\u00ednculos com Cristo s\u00e3o o grande marco que os distingue dos professos superficiais; que uma especial provid\u00eancia zela pelo seu bem-estar; e eles s\u00e3o guardados pelo poder de Deus atrav\u00e9s da f\u00e9 para a salva\u00e7\u00e3o.<\/p><p><strong style=\"color: var( --e-global-color-text ); font-family: var( --e-global-typography-text-font-family ), Sans-serif;\">12. Da Harmonia da Lei e do Evangelho<\/strong><\/p><p>Cremos que a Lei de Deus \u00e9 a regra eterna e imut\u00e1vel do seu governo moral; que ela \u00e9 santa, justa, e boa; e que a incapacidade que as Escrituras atribuem aos homens ca\u00eddos de cumprir seus preceitos prov\u00e9m inteiramente de seu amor ao pecado; livr\u00e1-los disso, e restaur\u00e1-los atrav\u00e9s de um mediador \u00e0 obedi\u00eancia n\u00e3o fingida \u00e0 Santa Lei, \u00e9 um grande fim do Evangelho, e dos meios de gra\u00e7a associados com o estabelecimento da Igreja vis\u00edvel.<\/p><p><strong style=\"color: var( --e-global-color-text ); font-family: var( --e-global-typography-text-font-family ), Sans-serif;\">13. De uma Igreja Evang\u00e9lica<\/strong><\/p><p>Cremos que uma Igreja vis\u00edvel de Cristo \u00e9 uma congrega\u00e7\u00e3o de crentes baptizados, associados por uma alian\u00e7a na f\u00e9 e na comunh\u00e3o do evangelho; observando as ordenan\u00e7as de Cristo; governados por suas Leis, e exercitando os dons, direitos, e privil\u00e9gios investidos neles pela sua Palavra; que os seus \u00fanicos oficiais b\u00edblicos s\u00e3o pastores e di\u00e1conos, cujas qualifica\u00e7\u00f5es, reivindica\u00e7\u00f5es e deveres s\u00e3o definidos nas ep\u00edstolas a Tim\u00f3teo e Tito.<\/p><p><strong style=\"color: var( --e-global-color-text ); font-family: var( --e-global-typography-text-font-family ), Sans-serif;\">14. Do Baptismo e da Ceia do Senhor<\/strong><\/p><p>Cremos que o Baptismo crist\u00e3o \u00e9 a imers\u00e3o de um crente em \u00e1gua, em nome do Pai, e do Filho, e do Esp\u00edrito Santo; para anunciar, em um solene e belo s\u00edmbolo, nossa f\u00e9 no Salvador crucificado, sepultado e ressurreto, com seu efeito em nossa morte para o pecado e ressurrei\u00e7\u00e3o para uma nova vida; que \u00e9 pr\u00e9-requisito aos privil\u00e9gios de uma rela\u00e7\u00e3o eclesi\u00e1stica; e \u00e0 Ceia do Senhor, na qual os membros da Igreja, pelo uso sagrado do p\u00e3o e do vinho, devem comemorar juntos a morte de Cristo por amor; precedido sempre por solene auto-exame.<\/p><p><strong style=\"color: var( --e-global-color-text ); font-family: var( --e-global-typography-text-font-family ), Sans-serif;\">15. Do S\u00e1bado Crist\u00e3o<\/strong><\/p><p>Cremos que o primeiro dia da semana \u00e9 o dia do Senhor, ou o s\u00e1bado crist\u00e3o; e deve ser mantido sagrado para prop\u00f3sitos religiosos, pela absten\u00e7\u00e3o de todo o labor secular e recrea\u00e7\u00f5es pecaminosas; pela observ\u00e2ncia devota de todos os meios de gra\u00e7a, tanto privado quanto p\u00fablico; e pela prepara\u00e7\u00e3o para aquele repouso que restar\u00e1 para o Povo de Deus.<\/p><p><strong style=\"color: var( --e-global-color-text ); font-family: var( --e-global-typography-text-font-family ), Sans-serif;\">16. Do Governo Civil<\/strong><\/p><p>Cremos que o governo civil \u00e9 de nomea\u00e7\u00e3o divina para os interesses e boa ordem da sociedade humana; e que devemos interceder pelos magistrados, conscienciosamente honr\u00e1-los e obedec\u00ea-los; exceto apenas nas coisas opostas \u00e0 vontade de nosso Senhor Jesus Cristo, que \u00e9 o \u00fanico Senhor da consci\u00eancia, e o pr\u00edncipe dos Reis da Terra.<\/p><p><strong style=\"color: var( --e-global-color-text ); font-family: var( --e-global-typography-text-font-family ), Sans-serif;\">17. Do Justo e do \u00cdmpio<\/strong><\/p><p>Cremos que h\u00e1 uma diferen\u00e7a radical e essencial entre o justo e o \u00edmpio; que apenas tantos quantos por meio da f\u00e9 s\u00e3o justificados em nome do Senhor Jesus, e santificados pelo Esp\u00edrito do nosso Deus, s\u00e3o verdadeiramente justos em Sua avalia\u00e7\u00e3o; enquanto todos quantos continuam em impenit\u00eancia e incredulidade s\u00e3o, aos Seus olhos, \u00edmpios, e sob a maldi\u00e7\u00e3o; e esta distin\u00e7\u00e3o mant\u00e9m-se entre os homens tanto na morte como depois dela.<\/p><p><strong style=\"color: var( --e-global-color-text ); font-family: var( --e-global-typography-text-font-family ), Sans-serif;\">18. Do Mundo Vindouro<\/strong><\/p><p>Cremos que o fim do mundo est\u00e1 a aproximar-se; que no \u00faltimo dia Cristo descer\u00e1 do c\u00e9u, e ressuscitar\u00e1 os mortos da sepultura para retribui\u00e7\u00e3o final; que uma solene separa\u00e7\u00e3o ent\u00e3o tomar\u00e1 lugar; que o \u00edmpio ser\u00e1 condenado \u00e0 puni\u00e7\u00e3o, e o justo ao j\u00fabilo infind\u00e1veis; e que este julgamento fixar\u00e1 para sempre o estado final dos homens no c\u00e9u ou no inferno, sobre os princ\u00edpios da justi\u00e7a.<\/p>\t\t\t\t\t\t\t\t<\/div>\n\t\t\t\t<\/div>\n\t\t\t\t\t<\/div>\n\t\t<\/div>\n\t\t\t\t\t<\/div>\n\t\t<\/section>\n\t\t\t\t<section class=\"elementor-section elementor-top-section elementor-element elementor-element-33d84d1 elementor-section-boxed elementor-section-height-default elementor-section-height-default\" data-id=\"33d84d1\" data-element_type=\"section\" data-e-type=\"section\">\n\t\t\t\t\t\t<div class=\"elementor-container elementor-column-gap-default\">\n\t\t\t\t\t<div class=\"elementor-column elementor-col-100 elementor-top-column elementor-element elementor-element-dd6319b\" data-id=\"dd6319b\" data-element_type=\"column\" data-e-type=\"column\">\n\t\t\t<div class=\"elementor-widget-wrap elementor-element-populated\">\n\t\t\t\t\t\t<div class=\"elementor-element elementor-element-f0e7ef5 elementor-hidden-desktop elementor-hidden-tablet elementor-widget elementor-widget-text-editor\" data-id=\"f0e7ef5\" data-element_type=\"widget\" data-e-type=\"widget\" data-widget_type=\"text-editor.default\">\n\t\t\t\t<div class=\"elementor-widget-container\">\n\t\t\t\t\t\t\t\t\t<p>A Primeira Igreja Baptista de Lisboa subscreve a Confiss\u00e3o de F\u00e9 Baptista de Londres de 1689, como uma exposi\u00e7\u00e3o fiel do que a B\u00edblia ensina. A Declara\u00e7\u00e3o de F\u00e9 de New Hampshire (1853) \u00e9 uma exposi\u00e7\u00e3o mais breve e \u00e9 afirmada sem reservas por todos os membros da igreja.<\/p><p>Adicionalmente, subscrevemos a Declara\u00e7\u00f5es de <a href=\"http:\/\/www.monergismo.com\/textos\/credos\/declaracao_chicago.htm\">Chicago<\/a>, <a href=\"https:\/\/cbmw.org\/nashville-statement\/\">Nashville<\/a> e <a href=\"https:\/\/cbmw.org\/about\/danvers-statement\/\">Danvers<\/a>.<\/p><h3><strong>DECLARA\u00c7\u00c3O DE F\u00c9 DE NEW HAMPSHIRE (1853)<\/strong><\/h3><p><strong style=\"color: var( --e-global-color-text ); font-family: var( --e-global-typography-text-font-family ), Sans-serif;\">01. Das Escrituras<\/strong><\/p><p>Cremos que a B\u00edblia Sagrada foi escrita por homens divinamente inspirados, e \u00e9 um perfeito tesouro de instru\u00e7\u00e3o celestial; que tem Deus como seu autor, salva\u00e7\u00e3o como seu fim, e verdade sem qualquer mistura de erro como seu conte\u00fado; que ela revela os princ\u00edpios pelos quais Deus nos julgar\u00e1; e por isso \u00e9, e continuar\u00e1 sendo at\u00e9 o fim do mundo, o verdadeiro centro da uni\u00e3o crist\u00e3, e o supremo padr\u00e3o pelo qual toda conduta, credos, e opini\u00f5es humanas devem ser julgados.<\/p><p><strong style=\"color: var( --e-global-color-text ); font-family: var( --e-global-typography-text-font-family ), Sans-serif;\">02. Do Verdadeiro Deus<\/strong><\/p><p>Cremos que h\u00e1 um, e somente um, Deus vivo e verdadeiro; um Esp\u00edrito infinito, inteligente, cujo nome \u00e9 Jeov\u00e1; o Criador e Supremo Governador do c\u00e9u e da terra, inexprimivelmente glorioso em santidade, e digno de toda honra, confian\u00e7a, e amor poss\u00edveis; que na unidade da divindade h\u00e1 tr\u00eas Pessoas: o Pai, o Filho, e o Esp\u00edrito Santo; iguais em toda a perfei\u00e7\u00e3o divina, e executando distintos e harmoniosos of\u00edcios na grande obra da reden\u00e7\u00e3o.<\/p><p><strong style=\"color: var( --e-global-color-text ); font-family: var( --e-global-typography-text-font-family ), Sans-serif;\">03. Da Queda do Homem<\/strong><\/p><p>Cremos que o homem foi criado em santidade, sob a lei de seu Criador; mas por transgress\u00e3o volunt\u00e1ria caiu daquele santo e feliz estado; em consequ\u00eancia do que todos os homens s\u00e3o agora pecadores, n\u00e3o por constrangimento, mas por escolha; sendo por natureza completamente destitu\u00eddos daquela santidade requerida pela Lei de Deus, inegavelmente inclinado para o mal, e por isso sob justa condena\u00e7\u00e3o \u00e0 ru\u00edna eterna, sem defesa ou desculpa.<\/p><p><strong style=\"color: var( --e-global-color-text ); font-family: var( --e-global-typography-text-font-family ), Sans-serif;\">04. Do Caminho da Salva\u00e7\u00e3o<\/strong><\/p><p>Cremos que a salva\u00e7\u00e3o de pecadores \u00e9 totalmente de gra\u00e7a, atrav\u00e9s do of\u00edcio mediador do Filho de Deus; que pelo decreto do Pai, livremente tomou sobre si nossa natureza, mas sem pecado; honrou a Lei Divina pela sua obedi\u00eancia pessoal; que tendo ressuscitado da morte, Ele est\u00e1 agora entronizado no c\u00e9u; e unindo em sua maravilhosa pessoa as mais ternas simpatias com divinas perfei\u00e7\u00f5es, Ele \u00e9 de todos os modos qualificado para ser um salvador adequado, compassivo e todo-suficiente.<\/p><p><strong style=\"color: var( --e-global-color-text ); font-family: var( --e-global-typography-text-font-family ), Sans-serif;\">05. Da Justifica\u00e7\u00e3o<\/strong><\/p><p>Cremos que a grande b\u00ean\u00e7\u00e3o evang\u00e9lica que Cristo assegura a tantos quantos cr\u00eaem nele \u00e9 a justifica\u00e7\u00e3o; que a justifica\u00e7\u00e3o inclui o perd\u00e3o de pecado, e a promessa de vida eterna sobre os princ\u00edpios da justi\u00e7a; que ela \u00e9 aplicada, n\u00e3o em considera\u00e7\u00e3o de quaisquer obras de justi\u00e7a que n\u00f3s temos feito, mas exclusivamente atrav\u00e9s da f\u00e9 no sangue do Redentor; em virtude do que sua perfeita justi\u00e7a \u00e9 livremente imputada a n\u00f3s por Deus mediante a f\u00e9; que leva-nos para um estado da mais aben\u00e7oada paz e favor com Deus, e nos assegura as b\u00ean\u00e7\u00e3os necess\u00e1rias para o tempo e a eternidade.<\/p><p><strong style=\"color: var( --e-global-color-text ); font-family: var( --e-global-typography-text-font-family ), Sans-serif;\">06. Da Natureza Livre da Salva\u00e7\u00e3o<\/strong><\/p><p>Cremos que as b\u00ean\u00e7\u00e3os da salva\u00e7\u00e3o s\u00e3o colocadas \u00e0 disposi\u00e7\u00e3o de todos pelo evangelho; que \u00e9 o dever imediato de todos aceit\u00e1-las por uma f\u00e9 cordial, penitente e obediente; e que nada impede a salva\u00e7\u00e3o do maior pecador na terra exceto sua pr\u00f3pria deprava\u00e7\u00e3o inerente e rejei\u00e7\u00e3o volunt\u00e1ria do evangelho; que a rejei\u00e7\u00e3o envolve-o em uma condena\u00e7\u00e3o agravada.<\/p><p><strong style=\"color: var( --e-global-color-text ); font-family: var( --e-global-typography-text-font-family ), Sans-serif;\">07. Da Gra\u00e7a na Regenera\u00e7\u00e3o<\/strong><\/p><p>Cremos que, a fim de serem salvos, os pecadores devem ser regenerados, ou nascidos de novo; que a regenera\u00e7\u00e3o consiste em dar uma disposi\u00e7\u00e3o santa \u00e0 mente; que ela \u00e9 efetuada de uma maneira acima da nossa compreens\u00e3o pelo poder do Esp\u00edrito Santo, com base na verdade divina, de maneira a assegurar nossa obedi\u00eancia volunt\u00e1ria ao evangelho; e que sua evid\u00eancia apropriada aparece nos santos frutos do arrependimento, f\u00e9 e novidade de vida.<\/p><p><strong style=\"color: var( --e-global-color-text ); font-family: var( --e-global-typography-text-font-family ), Sans-serif;\">08. Do Arrependimento e da F\u00e9<\/strong><\/p><p>Cremos que o arrependimento e a f\u00e9 s\u00e3o deveres sagrados, e tamb\u00e9m gra\u00e7as insepar\u00e1veis, operadas em nossas almas pelo Esp\u00edrito regenerador de Deus; pelo que sendo profundamente convencidos de nossa culpa, perigo e incapacidade, e do caminho da salva\u00e7\u00e3o por Cristo, n\u00f3s retornamos para Deus com contri\u00e7\u00e3o, confiss\u00e3o e s\u00faplica por miseric\u00f3rdia n\u00e3o fingidas; ao mesmo tempo recebendo genuinamente o Senhor Jesus Cristo como nosso profeta, sacerdote e Rei, e confiando nele somente como \u00fanico e todo-suficiente salvador.<\/p><p><strong style=\"color: var( --e-global-color-text ); font-family: var( --e-global-typography-text-font-family ), Sans-serif;\">09. Do Prop\u00f3sito da Gra\u00e7a de Deus<\/strong><\/p><p>Cremos que a elei\u00e7\u00e3o \u00e9 o eterno prop\u00f3sito de Deus, segundo o qual Ele graciosamente regenera, santifica e salva pecadores; que sendo perfeitamente consistente com a livre ag\u00eancia do homem, abrange todos os meios em rela\u00e7\u00e3o com o fim; que \u00e9 uma demonstra\u00e7\u00e3o gloriosa da bondade soberana de Deus, sendo infinitamente livre, s\u00e1bia, santa, e imut\u00e1vel; que ela exclui completamente a vangl\u00f3ria, e promove humildade, amor, ora\u00e7\u00e3o, louvor, confian\u00e7a em Deus, e uma ativa imita\u00e7\u00e3o da sua livre miseric\u00f3rdia; que ela encoraja o uso dos meios no mais alto grau; que ela pode ser percebida pelos seus efeitos em todo aquele que verdadeiramente cr\u00ea no evangelho; que \u00e9 o alicerce da seguran\u00e7a crist\u00e3; e que verific\u00e1-la com respeito a n\u00f3s mesmos requer e merece a m\u00e1xima dilig\u00eancia.<\/p><p><strong style=\"color: var( --e-global-color-text ); font-family: var( --e-global-typography-text-font-family ), Sans-serif;\">10. Da Santifica\u00e7\u00e3o<\/strong><\/p><p>Cremos que a santifica\u00e7\u00e3o \u00e9 o processo pelo qual, segundo a vontade de Deus, n\u00f3s somos feitos participantes da sua santidade; que ela \u00e9 uma obra progressiva; que \u00e9 iniciada na regenera\u00e7\u00e3o e que \u00e9 efetivada nos cora\u00e7\u00f5es dos crentes pela presen\u00e7a e poder do Esp\u00edrito Santo, o Selador e Consolador, no uso cont\u00ednuo dos meios decretados &#8211; especialmente a Palavra de Deus, o auto-exame, a abnega\u00e7\u00e3o, a vigil\u00e2ncia, e a ora\u00e7\u00e3o.<\/p><p><strong style=\"color: var( --e-global-color-text ); font-family: var( --e-global-typography-text-font-family ), Sans-serif;\">11. Da Perseveran\u00e7a dos Santos<\/strong><\/p><p>Cremos que s\u00e3o crentes leg\u00edtimos aqueles que resistem at\u00e9 o fim; que os seus perseverantes v\u00ednculos com Cristo s\u00e3o o grande marco que os distingue dos professos superficiais; que uma especial provid\u00eancia zela pelo seu bem-estar; e eles s\u00e3o guardados pelo poder de Deus atrav\u00e9s da f\u00e9 para a salva\u00e7\u00e3o.<\/p><p><strong style=\"color: var( --e-global-color-text ); font-family: var( --e-global-typography-text-font-family ), Sans-serif;\">12. Da Harmonia da Lei e do Evangelho<\/strong><\/p><p>Cremos que a Lei de Deus \u00e9 a regra eterna e imut\u00e1vel do seu governo moral; que ela \u00e9 santa, justa, e boa; e que a incapacidade que as Escrituras atribuem aos homens ca\u00eddos de cumprir seus preceitos prov\u00e9m inteiramente de seu amor ao pecado; livr\u00e1-los disso, e restaur\u00e1-los atrav\u00e9s de um mediador \u00e0 obedi\u00eancia n\u00e3o fingida \u00e0 Santa Lei, \u00e9 um grande fim do Evangelho, e dos meios de gra\u00e7a associados com o estabelecimento da Igreja vis\u00edvel.<\/p><p><strong style=\"color: var( --e-global-color-text ); font-family: var( --e-global-typography-text-font-family ), Sans-serif;\">13. De uma Igreja Evang\u00e9lica<\/strong><\/p><p>Cremos que uma Igreja vis\u00edvel de Cristo \u00e9 uma congrega\u00e7\u00e3o de crentes baptizados, associados por uma alian\u00e7a na f\u00e9 e na comunh\u00e3o do evangelho; observando as ordenan\u00e7as de Cristo; governados por suas Leis, e exercitando os dons, direitos, e privil\u00e9gios investidos neles pela sua Palavra; que os seus \u00fanicos oficiais b\u00edblicos s\u00e3o pastores e di\u00e1conos, cujas qualifica\u00e7\u00f5es, reivindica\u00e7\u00f5es e deveres s\u00e3o definidos nas ep\u00edstolas a Tim\u00f3teo e Tito.<\/p><p><strong style=\"color: var( --e-global-color-text ); font-family: var( --e-global-typography-text-font-family ), Sans-serif;\">14. Do Baptismo e da Ceia do Senhor<\/strong><\/p><p>Cremos que o Baptismo crist\u00e3o \u00e9 a imers\u00e3o de um crente em \u00e1gua, em nome do Pai, e do Filho, e do Esp\u00edrito Santo; para anunciar, em um solene e belo s\u00edmbolo, nossa f\u00e9 no Salvador crucificado, sepultado e ressurreto, com seu efeito em nossa morte para o pecado e ressurrei\u00e7\u00e3o para uma nova vida; que \u00e9 pr\u00e9-requisito aos privil\u00e9gios de uma rela\u00e7\u00e3o eclesi\u00e1stica; e \u00e0 Ceia do Senhor, na qual os membros da Igreja, pelo uso sagrado do p\u00e3o e do vinho, devem comemorar juntos a morte de Cristo por amor; precedido sempre por solene auto-exame.<\/p><p><strong style=\"color: var( --e-global-color-text ); font-family: var( --e-global-typography-text-font-family ), Sans-serif;\">15. Do S\u00e1bado Crist\u00e3o<\/strong><\/p><p>Cremos que o primeiro dia da semana \u00e9 o dia do Senhor, ou o s\u00e1bado crist\u00e3o; e deve ser mantido sagrado para prop\u00f3sitos religiosos, pela absten\u00e7\u00e3o de todo o labor secular e recrea\u00e7\u00f5es pecaminosas; pela observ\u00e2ncia devota de todos os meios de gra\u00e7a, tanto privado quanto p\u00fablico; e pela prepara\u00e7\u00e3o para aquele repouso que restar\u00e1 para o Povo de Deus.<\/p><p><strong style=\"color: var( --e-global-color-text ); font-family: var( --e-global-typography-text-font-family ), Sans-serif;\">16. Do Governo Civil<\/strong><\/p><p>Cremos que o governo civil \u00e9 de nomea\u00e7\u00e3o divina para os interesses e boa ordem da sociedade humana; e que devemos interceder pelos magistrados, conscienciosamente honr\u00e1-los e obedec\u00ea-los; exceto apenas nas coisas opostas \u00e0 vontade de nosso Senhor Jesus Cristo, que \u00e9 o \u00fanico Senhor da consci\u00eancia, e o pr\u00edncipe dos Reis da Terra.<\/p><p><strong style=\"color: var( --e-global-color-text ); font-family: var( --e-global-typography-text-font-family ), Sans-serif;\">17. Do Justo e do \u00cdmpio<\/strong><\/p><p>Cremos que h\u00e1 uma diferen\u00e7a radical e essencial entre o justo e o \u00edmpio; que apenas tantos quantos por meio da f\u00e9 s\u00e3o justificados em nome do Senhor Jesus, e santificados pelo Esp\u00edrito do nosso Deus, s\u00e3o verdadeiramente justos em Sua avalia\u00e7\u00e3o; enquanto todos quantos continuam em impenit\u00eancia e incredulidade s\u00e3o, aos Seus olhos, \u00edmpios, e sob a maldi\u00e7\u00e3o; e esta distin\u00e7\u00e3o mant\u00e9m-se entre os homens tanto na morte como depois dela.<\/p><p><strong style=\"color: var( --e-global-color-text ); font-family: var( --e-global-typography-text-font-family ), Sans-serif;\">18. Do Mundo Vindouro<\/strong><\/p><p>Cremos que o fim do mundo est\u00e1 se aproximando; que no \u00faltimo dia Cristo descer\u00e1 do c\u00e9u, e ressuscitar\u00e1 os mortos da sepultura para retribui\u00e7\u00e3o final; que uma solene separa\u00e7\u00e3o ent\u00e3o tomar\u00e1 lugar; que o \u00edmpio ser\u00e1 condenado \u00e0 puni\u00e7\u00e3o, e o justo ao j\u00fabilo infind\u00e1veis; e que este julgamento fixar\u00e1 para sempre o estado final dos homens no c\u00e9u ou no inferno, sobre os princ\u00edpios da justi\u00e7a.<\/p>\t\t\t\t\t\t\t\t<\/div>\n\t\t\t\t<\/div>\n\t\t\t\t\t<\/div>\n\t\t<\/div>\n\t\t\t\t\t<\/div>\n\t\t<\/section>\n\t\t\t\t<\/div>\n\t\t","protected":false},"excerpt":{"rendered":"<p>DECLARA\u00c7\u00c3O DE F\u00c9 DECLARA\u00c7\u00c3O DE F\u00c9 A Primeira Igreja Baptista de Lisboa subscreve a Confiss\u00e3o de F\u00e9 Baptista de Londres de 1689, como uma exposi\u00e7\u00e3o fiel do que a B\u00edblia ensina. A Declara\u00e7\u00e3o de F\u00e9 de New Hampshire (1853) \u00e9 uma exposi\u00e7\u00e3o mais breve e \u00e9 afirmada sem reservas por todos os membros da igreja. [&hellip;]<\/p>\n","protected":false},"author":1,"featured_media":0,"parent":0,"menu_order":0,"comment_status":"closed","ping_status":"closed","template":"elementor_header_footer","meta":{"_acf_changed":false,"footnotes":""},"series":[],"class_list":["post-15018","page","type-page","status-publish","hentry"],"acf":[],"_links":{"self":[{"href":"https:\/\/primeiraigreja.pt\/index.php?rest_route=\/wp\/v2\/pages\/15018","targetHints":{"allow":["GET"]}}],"collection":[{"href":"https:\/\/primeiraigreja.pt\/index.php?rest_route=\/wp\/v2\/pages"}],"about":[{"href":"https:\/\/primeiraigreja.pt\/index.php?rest_route=\/wp\/v2\/types\/page"}],"author":[{"embeddable":true,"href":"https:\/\/primeiraigreja.pt\/index.php?rest_route=\/wp\/v2\/users\/1"}],"replies":[{"embeddable":true,"href":"https:\/\/primeiraigreja.pt\/index.php?rest_route=%2Fwp%2Fv2%2Fcomments&post=15018"}],"version-history":[{"count":118,"href":"https:\/\/primeiraigreja.pt\/index.php?rest_route=\/wp\/v2\/pages\/15018\/revisions"}],"predecessor-version":[{"id":17084,"href":"https:\/\/primeiraigreja.pt\/index.php?rest_route=\/wp\/v2\/pages\/15018\/revisions\/17084"}],"wp:attachment":[{"href":"https:\/\/primeiraigreja.pt\/index.php?rest_route=%2Fwp%2Fv2%2Fmedia&parent=15018"}],"wp:term":[{"taxonomy":"series","embeddable":true,"href":"https:\/\/primeiraigreja.pt\/index.php?rest_route=%2Fwp%2Fv2%2Fseries&post=15018"}],"curies":[{"name":"wp","href":"https:\/\/api.w.org\/{rel}","templated":true}]}}