{"id":15023,"date":"2022-08-30T13:24:12","date_gmt":"2022-08-30T13:24:12","guid":{"rendered":"https:\/\/primeiraigreja.pt\/quem-somos\/pastorado-copy\/"},"modified":"2025-09-23T19:26:23","modified_gmt":"2025-09-23T19:26:23","slug":"pastorado","status":"publish","type":"page","link":"https:\/\/primeiraigreja.pt\/?page_id=15023","title":{"rendered":"Pastor"},"content":{"rendered":"\t\t<div data-elementor-type=\"wp-page\" data-elementor-id=\"15023\" class=\"elementor elementor-15023\" data-elementor-post-type=\"page\">\n\t\t\t\t\t\t<section data-dce-background-color=\"#FFFFFF\" data-dce-background-overlay-color=\"#0C3148\" data-dce-background-image-url=\"https:\/\/primeiraigreja.pt\/wp-content\/uploads\/2022\/08\/Pastor_1.jpg\" class=\"elementor-section elementor-top-section elementor-element elementor-element-f846ac7 elementor-section-height-min-height elementor-hidden-mobile elementor-section-boxed elementor-section-height-default elementor-section-items-middle\" data-id=\"f846ac7\" data-element_type=\"section\" data-e-type=\"section\" data-settings=\"{&quot;background_background&quot;:&quot;classic&quot;}\">\n\t\t\t\t\t\t\t<div class=\"elementor-background-overlay\"><\/div>\n\t\t\t\t\t\t\t<div class=\"elementor-container elementor-column-gap-default\">\n\t\t\t\t\t<div class=\"elementor-column elementor-col-100 elementor-top-column elementor-element elementor-element-7acf989\" data-id=\"7acf989\" data-element_type=\"column\" data-e-type=\"column\">\n\t\t\t<div class=\"elementor-widget-wrap elementor-element-populated\">\n\t\t\t\t\t\t<div data-dce-title-color=\"#FFFFFF\" class=\"elementor-element elementor-element-76d4d5e elementor-widget elementor-widget-heading\" data-id=\"76d4d5e\" data-element_type=\"widget\" data-e-type=\"widget\" data-widget_type=\"heading.default\">\n\t\t\t\t<div class=\"elementor-widget-container\">\n\t\t\t\t\t<h1 class=\"elementor-heading-title elementor-size-xl\">PASTOR<\/h1>\t\t\t\t<\/div>\n\t\t\t\t<\/div>\n\t\t\t\t\t<\/div>\n\t\t<\/div>\n\t\t\t\t\t<\/div>\n\t\t<\/section>\n\t\t\t\t<section class=\"elementor-section elementor-top-section elementor-element elementor-element-e445a0c elementor-section-boxed elementor-section-height-default elementor-section-height-default\" data-id=\"e445a0c\" data-element_type=\"section\" data-e-type=\"section\">\n\t\t\t\t\t\t<div class=\"elementor-container elementor-column-gap-default\">\n\t\t\t\t\t<div class=\"elementor-column elementor-col-100 elementor-top-column elementor-element elementor-element-3d44bdd\" data-id=\"3d44bdd\" data-element_type=\"column\" data-e-type=\"column\">\n\t\t\t<div class=\"elementor-widget-wrap elementor-element-populated\">\n\t\t\t\t\t\t<div class=\"elementor-element elementor-element-97f6d6a elementor-hidden-desktop elementor-widget elementor-widget-heading\" data-id=\"97f6d6a\" data-element_type=\"widget\" data-e-type=\"widget\" data-widget_type=\"heading.default\">\n\t\t\t\t<div class=\"elementor-widget-container\">\n\t\t\t\t\t<h1 class=\"elementor-heading-title elementor-size-xl\">PASTOR<\/h1>\t\t\t\t<\/div>\n\t\t\t\t<\/div>\n\t\t\t\t\t<\/div>\n\t\t<\/div>\n\t\t\t\t\t<\/div>\n\t\t<\/section>\n\t\t\t\t<section class=\"elementor-section elementor-top-section elementor-element elementor-element-9aea705 elementor-section-content-top elementor-hidden-mobile elementor-section-boxed elementor-section-height-default elementor-section-height-default\" data-id=\"9aea705\" data-element_type=\"section\" data-e-type=\"section\">\n\t\t\t\t\t\t<div class=\"elementor-container elementor-column-gap-default\">\n\t\t\t\t\t<div class=\"elementor-column elementor-col-33 elementor-top-column elementor-element elementor-element-8157f5a\" data-id=\"8157f5a\" data-element_type=\"column\" data-e-type=\"column\">\n\t\t\t<div class=\"elementor-widget-wrap elementor-element-populated\">\n\t\t\t\t\t\t<div class=\"elementor-element elementor-element-8af9534 dce_masking-none elementor-widget elementor-widget-image\" data-id=\"8af9534\" data-element_type=\"widget\" data-e-type=\"widget\" data-widget_type=\"image.default\">\n\t\t\t\t<div class=\"elementor-widget-container\">\n\t\t\t\t\t\t\t\t\t\t\t\t\t\t\t<img fetchpriority=\"high\" decoding=\"async\" width=\"580\" height=\"578\" src=\"https:\/\/primeiraigreja.pt\/wp-content\/uploads\/2025\/09\/WhatsApp-Image-2025-09-16-at-21.56.25-1024x1021.jpeg\" class=\"attachment-large size-large wp-image-16967\" alt=\"Pastor\" srcset=\"https:\/\/primeiraigreja.pt\/wp-content\/uploads\/2025\/09\/WhatsApp-Image-2025-09-16-at-21.56.25-1024x1021.jpeg 1024w, https:\/\/primeiraigreja.pt\/wp-content\/uploads\/2025\/09\/WhatsApp-Image-2025-09-16-at-21.56.25-300x300.jpeg 300w, https:\/\/primeiraigreja.pt\/wp-content\/uploads\/2025\/09\/WhatsApp-Image-2025-09-16-at-21.56.25-150x150.jpeg 150w, https:\/\/primeiraigreja.pt\/wp-content\/uploads\/2025\/09\/WhatsApp-Image-2025-09-16-at-21.56.25-768x765.jpeg 768w, https:\/\/primeiraigreja.pt\/wp-content\/uploads\/2025\/09\/WhatsApp-Image-2025-09-16-at-21.56.25-1536x1531.jpeg 1536w, https:\/\/primeiraigreja.pt\/wp-content\/uploads\/2025\/09\/WhatsApp-Image-2025-09-16-at-21.56.25-1200x1196.jpeg 1200w, https:\/\/primeiraigreja.pt\/wp-content\/uploads\/2025\/09\/WhatsApp-Image-2025-09-16-at-21.56.25.jpeg 1828w\" sizes=\"(max-width: 580px) 100vw, 580px\" \/>\t\t\t\t\t\t\t\t\t\t\t\t\t\t\t<\/div>\n\t\t\t\t<\/div>\n\t\t\t\t\t<\/div>\n\t\t<\/div>\n\t\t\t\t<div class=\"elementor-column elementor-col-66 elementor-top-column elementor-element elementor-element-d438e0d\" data-id=\"d438e0d\" data-element_type=\"column\" data-e-type=\"column\">\n\t\t\t<div class=\"elementor-widget-wrap elementor-element-populated\">\n\t\t\t\t\t\t<div class=\"elementor-element elementor-element-39618ef1 elementor-widget elementor-widget-text-editor\" data-id=\"39618ef1\" data-element_type=\"widget\" data-e-type=\"widget\" data-widget_type=\"text-editor.default\">\n\t\t\t\t<div class=\"elementor-widget-container\">\n\t\t\t\t\t\t\t\t\t<h3><strong>TIAGO OLIVEIRA<\/strong><\/h3><p><strong>PASTOR<\/strong><\/p><p>\u00c9 casado com a Marta e t\u00eam tr\u00eas filhos: R\u00faben, David e Tiago.<\/p><p>Licenciado em Educa\u00e7\u00e3o F\u00edsica pela Universidade Lus\u00f3fona, concluiu o seu Mestrado em Divindade no <em>Reformed Theological Seminary<\/em> (MDiv, 2016) e \u00e9 aluno de doutoramento em estudos b\u00edblicos no <em>Puritan Reformed Theological Seminary<\/em>.<\/p><p>Para al\u00e9m de Pastor desta Igreja, exerce as fun\u00e7\u00f5es de Presidente e De\u00e3o Acad\u00e9mico do Semin\u00e1rio Martin Bucer Portugal e \u00e9 um dos fundadores da Rede Reformada.<\/p>\t\t\t\t\t\t\t\t<\/div>\n\t\t\t\t<\/div>\n\t\t\t\t\t<\/div>\n\t\t<\/div>\n\t\t\t\t\t<\/div>\n\t\t<\/section>\n\t\t\t\t<section class=\"elementor-section elementor-top-section elementor-element elementor-element-42d1266 elementor-section-boxed elementor-section-height-default elementor-section-height-default\" data-id=\"42d1266\" data-element_type=\"section\" data-e-type=\"section\">\n\t\t\t\t\t\t<div class=\"elementor-container elementor-column-gap-default\">\n\t\t\t\t\t<div class=\"elementor-column elementor-col-100 elementor-top-column elementor-element elementor-element-c69351f\" data-id=\"c69351f\" data-element_type=\"column\" data-e-type=\"column\">\n\t\t\t<div class=\"elementor-widget-wrap elementor-element-populated\">\n\t\t\t\t\t\t<div data-dce-title-color=\"#BE1622\" class=\"elementor-element elementor-element-5658459 elementor-hidden-mobile elementor-testimonial--skin-default elementor-testimonial--layout-image_inline elementor-testimonial--align-center elementor-arrows-yes elementor-widget elementor-widget-testimonial-carousel\" data-id=\"5658459\" data-element_type=\"widget\" data-e-type=\"widget\" data-settings=\"{&quot;lazyload&quot;:&quot;yes&quot;,&quot;space_between&quot;:{&quot;unit&quot;:&quot;px&quot;,&quot;size&quot;:5,&quot;sizes&quot;:[]},&quot;show_arrows&quot;:&quot;yes&quot;,&quot;speed&quot;:500,&quot;autoplay&quot;:&quot;yes&quot;,&quot;autoplay_speed&quot;:5000,&quot;loop&quot;:&quot;yes&quot;,&quot;pause_on_hover&quot;:&quot;yes&quot;,&quot;pause_on_interaction&quot;:&quot;yes&quot;,&quot;space_between_tablet&quot;:{&quot;unit&quot;:&quot;px&quot;,&quot;size&quot;:10,&quot;sizes&quot;:[]},&quot;space_between_mobile&quot;:{&quot;unit&quot;:&quot;px&quot;,&quot;size&quot;:10,&quot;sizes&quot;:[]}}\" data-widget_type=\"testimonial-carousel.default\">\n\t\t\t\t<div class=\"elementor-widget-container\">\n\t\t\t\t\t\t\t\t\t<div class=\"elementor-swiper\">\n\t\t\t\t\t<div class=\"elementor-main-swiper swiper\" role=\"region\" aria-roledescription=\"carousel\" aria-label=\"Slides\">\n\t\t\t\t<div class=\"swiper-wrapper\">\n\t\t\t\t\t\t\t\t\t\t\t<div class=\"swiper-slide\" role=\"group\" aria-roledescription=\"slide\">\n\t\t\t\t\t\t\t\t\t<div class=\"elementor-testimonial\">\n\t\t\t\t\t\t\t<div class=\"elementor-testimonial__content\">\n\t\t\t\t\t<div class=\"elementor-testimonial__text\">\n\t\t\t\t\t\t\u201c\n\t\t\t\t\t<\/div>\n\t\t\t\t\t\t\t\t\t<\/div>\n\t\t\t\t\t\t<div class=\"elementor-testimonial__footer\">\n\t\t\t\t\t\t\t\t<cite class=\"elementor-testimonial__cite\"><span class=\"elementor-testimonial__name\">Uma igreja local, reunida e completamente organizada de acordo com a mente de Cristo, consiste em oficiais e membros; e os oficiais designados por Cristo a serem escolhidos e consagrados pela igreja (assim chamada e congregada), s\u00e3o os bispos ou presb\u00edteros e os di\u00e1conos.<\/span><span class=\"elementor-testimonial__title\">CFBL 26.8<\/span><\/cite>\t\t\t<\/div>\n\t\t<\/div>\n\t\t\t\t\t\t\t\t<\/div>\n\t\t\t\t\t\t\t\t\t<\/div>\n\t\t\t\t\t\t\t<\/div>\n\t\t\t\t<\/div>\n\t\t\t\t\t\t\t\t<\/div>\n\t\t\t\t<\/div>\n\t\t\t\t\t<\/div>\n\t\t<\/div>\n\t\t\t\t\t<\/div>\n\t\t<\/section>\n\t\t\t\t<section class=\"elementor-section elementor-top-section elementor-element elementor-element-5348ead elementor-section-content-top elementor-hidden-desktop elementor-hidden-tablet elementor-section-boxed elementor-section-height-default elementor-section-height-default\" data-id=\"5348ead\" data-element_type=\"section\" data-e-type=\"section\">\n\t\t\t\t\t\t<div class=\"elementor-container elementor-column-gap-default\">\n\t\t\t\t\t<div class=\"elementor-column elementor-col-33 elementor-top-column elementor-element elementor-element-121c1a4\" data-id=\"121c1a4\" data-element_type=\"column\" data-e-type=\"column\">\n\t\t\t<div class=\"elementor-widget-wrap elementor-element-populated\">\n\t\t\t\t\t\t<div class=\"elementor-element elementor-element-2a2bb2d dce_masking-none elementor-widget elementor-widget-image\" data-id=\"2a2bb2d\" data-element_type=\"widget\" data-e-type=\"widget\" data-widget_type=\"image.default\">\n\t\t\t\t<div class=\"elementor-widget-container\">\n\t\t\t\t\t\t\t\t\t\t\t\t\t\t\t<img decoding=\"async\" width=\"580\" height=\"580\" src=\"https:\/\/primeiraigreja.pt\/wp-content\/uploads\/2024\/11\/WhatsApp-Image-2024-10-31-at-09.38.07-1024x1024.jpeg\" class=\"attachment-large size-large wp-image-16675\" alt=\"\" srcset=\"https:\/\/primeiraigreja.pt\/wp-content\/uploads\/2024\/11\/WhatsApp-Image-2024-10-31-at-09.38.07-1024x1024.jpeg 1024w, https:\/\/primeiraigreja.pt\/wp-content\/uploads\/2024\/11\/WhatsApp-Image-2024-10-31-at-09.38.07-300x300.jpeg 300w, https:\/\/primeiraigreja.pt\/wp-content\/uploads\/2024\/11\/WhatsApp-Image-2024-10-31-at-09.38.07-150x150.jpeg 150w, https:\/\/primeiraigreja.pt\/wp-content\/uploads\/2024\/11\/WhatsApp-Image-2024-10-31-at-09.38.07-768x769.jpeg 768w, https:\/\/primeiraigreja.pt\/wp-content\/uploads\/2024\/11\/WhatsApp-Image-2024-10-31-at-09.38.07-1534x1536.jpeg 1534w, https:\/\/primeiraigreja.pt\/wp-content\/uploads\/2024\/11\/WhatsApp-Image-2024-10-31-at-09.38.07-1200x1201.jpeg 1200w, https:\/\/primeiraigreja.pt\/wp-content\/uploads\/2024\/11\/WhatsApp-Image-2024-10-31-at-09.38.07.jpeg 1706w\" sizes=\"(max-width: 580px) 100vw, 580px\" \/>\t\t\t\t\t\t\t\t\t\t\t\t\t\t\t<\/div>\n\t\t\t\t<\/div>\n\t\t\t\t\t<\/div>\n\t\t<\/div>\n\t\t\t\t<div class=\"elementor-column elementor-col-66 elementor-top-column elementor-element elementor-element-36df601\" data-id=\"36df601\" data-element_type=\"column\" data-e-type=\"column\">\n\t\t\t<div class=\"elementor-widget-wrap elementor-element-populated\">\n\t\t\t\t\t\t<div class=\"elementor-element elementor-element-e0a7a9f elementor-widget elementor-widget-text-editor\" data-id=\"e0a7a9f\" data-element_type=\"widget\" data-e-type=\"widget\" data-widget_type=\"text-editor.default\">\n\t\t\t\t<div class=\"elementor-widget-container\">\n\t\t\t\t\t\t\t\t\t<h3><strong>TIAGO OLIVEIRA<\/strong><\/h3><p><b>PASTOR<\/b><\/p><p>\u00c9 casado com a Marta e t\u00eam tr\u00eas filhos: R\u00faben, David e Tiago.<\/p><p>Licenciado em Educa\u00e7\u00e3o F\u00edsica pela Universidade Lus\u00f3fona, concluiu o seu Mestrado em Divindade no <em>Reformed Theological Seminary<\/em> (MDiv, 2016) e \u00e9 aluno de doutoramento em estudos b\u00edblicos no <em>Puritan Reformed Theological Seminary<\/em>.<\/p><p>Para al\u00e9m de Pastor desta Igreja, exerce as fun\u00e7\u00f5es de Presidente e De\u00e3o Acad\u00e9mico do Semin\u00e1rio Martin Bucer Portugal e \u00e9 um dos fundadores da Rede Reformada.<\/p>\t\t\t\t\t\t\t\t<\/div>\n\t\t\t\t<\/div>\n\t\t\t\t\t<\/div>\n\t\t<\/div>\n\t\t\t\t\t<\/div>\n\t\t<\/section>\n\t\t\t\t<section class=\"elementor-section elementor-top-section elementor-element elementor-element-d567cfc elementor-hidden-desktop elementor-hidden-tablet elementor-section-boxed elementor-section-height-default elementor-section-height-default\" data-id=\"d567cfc\" data-element_type=\"section\" data-e-type=\"section\">\n\t\t\t\t\t\t<div class=\"elementor-container elementor-column-gap-default\">\n\t\t\t\t\t<div class=\"elementor-column elementor-col-100 elementor-top-column elementor-element elementor-element-ac5155c\" data-id=\"ac5155c\" data-element_type=\"column\" data-e-type=\"column\">\n\t\t\t<div class=\"elementor-widget-wrap elementor-element-populated\">\n\t\t\t\t\t\t<div data-dce-title-color=\"#BE1622\" class=\"elementor-element elementor-element-a2aca5b elementor-testimonial--skin-default elementor-testimonial--layout-image_inline elementor-testimonial--align-center elementor-arrows-yes elementor-widget elementor-widget-testimonial-carousel\" data-id=\"a2aca5b\" data-element_type=\"widget\" data-e-type=\"widget\" data-settings=\"{&quot;lazyload&quot;:&quot;yes&quot;,&quot;space_between&quot;:{&quot;unit&quot;:&quot;px&quot;,&quot;size&quot;:5,&quot;sizes&quot;:[]},&quot;show_arrows&quot;:&quot;yes&quot;,&quot;speed&quot;:500,&quot;autoplay&quot;:&quot;yes&quot;,&quot;autoplay_speed&quot;:5000,&quot;loop&quot;:&quot;yes&quot;,&quot;pause_on_hover&quot;:&quot;yes&quot;,&quot;pause_on_interaction&quot;:&quot;yes&quot;,&quot;space_between_tablet&quot;:{&quot;unit&quot;:&quot;px&quot;,&quot;size&quot;:10,&quot;sizes&quot;:[]},&quot;space_between_mobile&quot;:{&quot;unit&quot;:&quot;px&quot;,&quot;size&quot;:10,&quot;sizes&quot;:[]}}\" data-widget_type=\"testimonial-carousel.default\">\n\t\t\t\t<div class=\"elementor-widget-container\">\n\t\t\t\t\t\t\t\t\t<div class=\"elementor-swiper\">\n\t\t\t\t\t<div class=\"elementor-main-swiper swiper\" role=\"region\" aria-roledescription=\"carousel\" aria-label=\"Slides\">\n\t\t\t\t<div class=\"swiper-wrapper\">\n\t\t\t\t\t\t\t\t\t\t\t<div class=\"swiper-slide\" role=\"group\" aria-roledescription=\"slide\">\n\t\t\t\t\t\t\t\t\t<div class=\"elementor-testimonial\">\n\t\t\t\t\t\t\t<div class=\"elementor-testimonial__content\">\n\t\t\t\t\t<div class=\"elementor-testimonial__text\">\n\t\t\t\t\t\t\u201c\n\t\t\t\t\t<\/div>\n\t\t\t\t\t\t\t\t\t<\/div>\n\t\t\t\t\t\t<div class=\"elementor-testimonial__footer\">\n\t\t\t\t\t\t\t\t<cite class=\"elementor-testimonial__cite\"><span class=\"elementor-testimonial__name\">Uma igreja local, reunida e completamente organizada de acordo com a mente de Cristo, consiste em oficiais e membros; e os oficiais designados por Cristo a serem escolhidos e consagrados pela igreja (assim chamada e congregada), s\u00e3o os bispos ou presb\u00edteros e os di\u00e1conos.<\/span><span class=\"elementor-testimonial__title\">CFBL 26.8<\/span><\/cite>\t\t\t<\/div>\n\t\t<\/div>\n\t\t\t\t\t\t\t\t<\/div>\n\t\t\t\t\t\t\t\t\t<\/div>\n\t\t\t\t\t\t\t<\/div>\n\t\t\t\t<\/div>\n\t\t\t\t\t\t\t\t<\/div>\n\t\t\t\t<\/div>\n\t\t\t\t\t<\/div>\n\t\t<\/div>\n\t\t\t\t\t<\/div>\n\t\t<\/section>\n\t\t\t\t<\/div>\n\t\t","protected":false},"excerpt":{"rendered":"<p>PASTOR PASTOR TIAGO OLIVEIRA PASTOR \u00c9 casado com a Marta e t\u00eam tr\u00eas filhos: R\u00faben, David e Tiago. Licenciado em Educa\u00e7\u00e3o F\u00edsica pela Universidade Lus\u00f3fona, concluiu o seu Mestrado em Divindade no Reformed Theological Seminary (MDiv, 2016) e \u00e9 aluno de doutoramento em estudos b\u00edblicos no Puritan Reformed Theological Seminary. Para al\u00e9m de Pastor desta [&hellip;]<\/p>\n","protected":false},"author":1,"featured_media":0,"parent":0,"menu_order":0,"comment_status":"closed","ping_status":"closed","template":"elementor_header_footer","meta":{"_acf_changed":false,"footnotes":""},"series":[],"class_list":["post-15023","page","type-page","status-publish","hentry"],"acf":[],"_links":{"self":[{"href":"https:\/\/primeiraigreja.pt\/index.php?rest_route=\/wp\/v2\/pages\/15023","targetHints":{"allow":["GET"]}}],"collection":[{"href":"https:\/\/primeiraigreja.pt\/index.php?rest_route=\/wp\/v2\/pages"}],"about":[{"href":"https:\/\/primeiraigreja.pt\/index.php?rest_route=\/wp\/v2\/types\/page"}],"author":[{"embeddable":true,"href":"https:\/\/primeiraigreja.pt\/index.php?rest_route=\/wp\/v2\/users\/1"}],"replies":[{"embeddable":true,"href":"https:\/\/primeiraigreja.pt\/index.php?rest_route=%2Fwp%2Fv2%2Fcomments&post=15023"}],"version-history":[{"count":136,"href":"https:\/\/primeiraigreja.pt\/index.php?rest_route=\/wp\/v2\/pages\/15023\/revisions"}],"predecessor-version":[{"id":16970,"href":"https:\/\/primeiraigreja.pt\/index.php?rest_route=\/wp\/v2\/pages\/15023\/revisions\/16970"}],"wp:attachment":[{"href":"https:\/\/primeiraigreja.pt\/index.php?rest_route=%2Fwp%2Fv2%2Fmedia&parent=15023"}],"wp:term":[{"taxonomy":"series","embeddable":true,"href":"https:\/\/primeiraigreja.pt\/index.php?rest_route=%2Fwp%2Fv2%2Fseries&post=15023"}],"curies":[{"name":"wp","href":"https:\/\/api.w.org\/{rel}","templated":true}]}}