{"id":15109,"date":"2022-08-31T23:33:04","date_gmt":"2022-08-31T23:33:04","guid":{"rendered":"https:\/\/primeiraigreja.pt\/quem-somos\/staff-copy\/"},"modified":"2025-06-02T10:19:06","modified_gmt":"2025-06-02T10:19:06","slug":"staff","status":"publish","type":"page","link":"https:\/\/primeiraigreja.pt\/?page_id=15109","title":{"rendered":"Staff"},"content":{"rendered":"\t\t<div data-elementor-type=\"wp-page\" data-elementor-id=\"15109\" class=\"elementor elementor-15109\" data-elementor-post-type=\"page\">\n\t\t\t\t\t\t<section data-dce-background-color=\"#FFFFFF\" data-dce-background-overlay-color=\"#0C3148\" data-dce-background-image-url=\"https:\/\/primeiraigreja.pt\/wp-content\/uploads\/2022\/08\/DSC03053.jpg\" class=\"elementor-section elementor-top-section elementor-element elementor-element-3716a8b elementor-hidden-mobile elementor-section-boxed elementor-section-height-default elementor-section-height-default\" data-id=\"3716a8b\" data-element_type=\"section\" data-e-type=\"section\" data-settings=\"{&quot;background_background&quot;:&quot;classic&quot;}\">\n\t\t\t\t\t\t\t<div class=\"elementor-background-overlay\"><\/div>\n\t\t\t\t\t\t\t<div class=\"elementor-container elementor-column-gap-default\">\n\t\t\t\t\t<div class=\"elementor-column elementor-col-100 elementor-top-column elementor-element elementor-element-eeca183\" data-id=\"eeca183\" data-element_type=\"column\" data-e-type=\"column\">\n\t\t\t<div class=\"elementor-widget-wrap elementor-element-populated\">\n\t\t\t\t\t\t<div data-dce-title-color=\"#FFFFFF\" class=\"elementor-element elementor-element-69fd0f6 elementor-widget elementor-widget-heading\" data-id=\"69fd0f6\" data-element_type=\"widget\" data-e-type=\"widget\" data-widget_type=\"heading.default\">\n\t\t\t\t<div class=\"elementor-widget-container\">\n\t\t\t\t\t<h1 class=\"elementor-heading-title elementor-size-xl\">staff<\/h1>\t\t\t\t<\/div>\n\t\t\t\t<\/div>\n\t\t\t\t\t<\/div>\n\t\t<\/div>\n\t\t\t\t\t<\/div>\n\t\t<\/section>\n\t\t\t\t<section class=\"elementor-section elementor-top-section elementor-element elementor-element-0e8dd73 elementor-hidden-desktop elementor-hidden-tablet elementor-section-boxed elementor-section-height-default elementor-section-height-default\" data-id=\"0e8dd73\" data-element_type=\"section\" data-e-type=\"section\">\n\t\t\t\t\t\t<div class=\"elementor-container elementor-column-gap-default\">\n\t\t\t\t\t<div class=\"elementor-column elementor-col-100 elementor-top-column elementor-element elementor-element-a6252d3\" data-id=\"a6252d3\" data-element_type=\"column\" data-e-type=\"column\">\n\t\t\t<div class=\"elementor-widget-wrap elementor-element-populated\">\n\t\t\t\t\t\t<div class=\"elementor-element elementor-element-be0e1a8 elementor-widget elementor-widget-heading\" data-id=\"be0e1a8\" data-element_type=\"widget\" data-e-type=\"widget\" data-widget_type=\"heading.default\">\n\t\t\t\t<div class=\"elementor-widget-container\">\n\t\t\t\t\t<h1 class=\"elementor-heading-title elementor-size-xl\">staff<\/h1>\t\t\t\t<\/div>\n\t\t\t\t<\/div>\n\t\t\t\t\t<\/div>\n\t\t<\/div>\n\t\t\t\t\t<\/div>\n\t\t<\/section>\n\t\t\t\t<section class=\"elementor-section elementor-top-section elementor-element elementor-element-258580b elementor-section-content-top elementor-hidden-mobile elementor-section-boxed elementor-section-height-default elementor-section-height-default\" data-id=\"258580b\" data-element_type=\"section\" data-e-type=\"section\">\n\t\t\t\t\t\t<div class=\"elementor-container elementor-column-gap-default\">\n\t\t\t\t\t<div class=\"elementor-column elementor-col-33 elementor-top-column elementor-element elementor-element-f6920a9\" data-id=\"f6920a9\" data-element_type=\"column\" data-e-type=\"column\">\n\t\t\t<div class=\"elementor-widget-wrap elementor-element-populated\">\n\t\t\t\t\t\t<div class=\"elementor-element elementor-element-2959062 dce_masking-none elementor-widget elementor-widget-image\" data-id=\"2959062\" data-element_type=\"widget\" data-e-type=\"widget\" data-widget_type=\"image.default\">\n\t\t\t\t<div class=\"elementor-widget-container\">\n\t\t\t\t\t\t\t\t\t\t\t\t\t\t\t<img fetchpriority=\"high\" decoding=\"async\" width=\"580\" height=\"580\" src=\"https:\/\/primeiraigreja.pt\/wp-content\/uploads\/2022\/07\/RBOliveira.jpg\" class=\"attachment-large size-large wp-image-14614\" alt=\"\" srcset=\"https:\/\/primeiraigreja.pt\/wp-content\/uploads\/2022\/07\/RBOliveira.jpg 640w, https:\/\/primeiraigreja.pt\/wp-content\/uploads\/2022\/07\/RBOliveira-300x300.jpg 300w, https:\/\/primeiraigreja.pt\/wp-content\/uploads\/2022\/07\/RBOliveira-150x150.jpg 150w\" sizes=\"(max-width: 580px) 100vw, 580px\" \/>\t\t\t\t\t\t\t\t\t\t\t\t\t\t\t<\/div>\n\t\t\t\t<\/div>\n\t\t\t\t\t<\/div>\n\t\t<\/div>\n\t\t\t\t<div class=\"elementor-column elementor-col-66 elementor-top-column elementor-element elementor-element-98aab7a\" data-id=\"98aab7a\" data-element_type=\"column\" data-e-type=\"column\">\n\t\t\t<div class=\"elementor-widget-wrap elementor-element-populated\">\n\t\t\t\t\t\t<div class=\"elementor-element elementor-element-792212b elementor-widget elementor-widget-text-editor\" data-id=\"792212b\" data-element_type=\"widget\" data-e-type=\"widget\" data-widget_type=\"text-editor.default\">\n\t\t\t\t<div class=\"elementor-widget-container\">\n\t\t\t\t\t\t\t\t\t<h3>R\u00daBEN B. OLIVEIRA<\/h3><p><strong>ASSISTENTE PASTORAL<\/strong><\/p><p>\u00c9 casado com a Selma e t\u00eam quatro filhos: Madalena, Jeremias, Paulo e Sara.<\/p><p>Licenciado em Hist\u00f3ria pela Faculdade de Letras da Universidade de Lisboa, especializou-se em Ci\u00eancias da Documenta\u00e7\u00e3o e Informa\u00e7\u00e3o (Arquiv\u00edstica) pela mesma faculdade.<\/p><p>Para al\u00e9m de Di\u00e1cono e Assistente Pastoral nesta Igreja, \u00e9 fundador da Sociedade Portuguesa da Hist\u00f3ria do Protestantismo e professor do Semin\u00e1rio Teol\u00f3gico Baptista.<\/p>\t\t\t\t\t\t\t\t<\/div>\n\t\t\t\t<\/div>\n\t\t\t\t\t<\/div>\n\t\t<\/div>\n\t\t\t\t\t<\/div>\n\t\t<\/section>\n\t\t\t\t<section class=\"elementor-section elementor-top-section elementor-element elementor-element-6eaa75d elementor-section-content-top elementor-hidden-mobile elementor-section-boxed elementor-section-height-default elementor-section-height-default\" data-id=\"6eaa75d\" data-element_type=\"section\" data-e-type=\"section\">\n\t\t\t\t\t\t<div class=\"elementor-container elementor-column-gap-default\">\n\t\t\t\t\t<div class=\"elementor-column elementor-col-33 elementor-top-column elementor-element elementor-element-8f9db03\" data-id=\"8f9db03\" data-element_type=\"column\" data-e-type=\"column\">\n\t\t\t<div class=\"elementor-widget-wrap elementor-element-populated\">\n\t\t\t\t\t\t<div class=\"elementor-element elementor-element-349b2ca dce_masking-none elementor-widget elementor-widget-image\" data-id=\"349b2ca\" data-element_type=\"widget\" data-e-type=\"widget\" data-widget_type=\"image.default\">\n\t\t\t\t<div class=\"elementor-widget-container\">\n\t\t\t\t\t\t\t\t\t\t\t\t\t\t\t<img decoding=\"async\" width=\"580\" height=\"580\" src=\"https:\/\/primeiraigreja.pt\/wp-content\/uploads\/2024\/07\/WhatsApp-Image-2024-07-16-at-15.19.43-e1721208595600-1.jpeg\" class=\"attachment-large size-large wp-image-16569\" alt=\"\" srcset=\"https:\/\/primeiraigreja.pt\/wp-content\/uploads\/2024\/07\/WhatsApp-Image-2024-07-16-at-15.19.43-e1721208595600-1.jpeg 785w, https:\/\/primeiraigreja.pt\/wp-content\/uploads\/2024\/07\/WhatsApp-Image-2024-07-16-at-15.19.43-e1721208595600-1-300x300.jpeg 300w, https:\/\/primeiraigreja.pt\/wp-content\/uploads\/2024\/07\/WhatsApp-Image-2024-07-16-at-15.19.43-e1721208595600-1-150x150.jpeg 150w, https:\/\/primeiraigreja.pt\/wp-content\/uploads\/2024\/07\/WhatsApp-Image-2024-07-16-at-15.19.43-e1721208595600-1-768x768.jpeg 768w\" sizes=\"(max-width: 580px) 100vw, 580px\" \/>\t\t\t\t\t\t\t\t\t\t\t\t\t\t\t<\/div>\n\t\t\t\t<\/div>\n\t\t\t\t\t<\/div>\n\t\t<\/div>\n\t\t\t\t<div class=\"elementor-column elementor-col-66 elementor-top-column elementor-element elementor-element-65dda18\" data-id=\"65dda18\" data-element_type=\"column\" data-e-type=\"column\">\n\t\t\t<div class=\"elementor-widget-wrap elementor-element-populated\">\n\t\t\t\t\t\t<div class=\"elementor-element elementor-element-2772b8b elementor-widget elementor-widget-text-editor\" data-id=\"2772b8b\" data-element_type=\"widget\" data-e-type=\"widget\" data-widget_type=\"text-editor.default\">\n\t\t\t\t<div class=\"elementor-widget-container\">\n\t\t\t\t\t\t\t\t\t<h3>Rodrigo X. Cid<\/h3><p><strong>ESTAGI\u00c1RIO<\/strong><\/p><p>\u00c9 casado com a Micaela e t\u00eam uma filha: a Constan\u00e7a.<\/p><p>Licenciado em Engenharia Inform\u00e1tica pelo Instituto Superior de Tecnologias Avan\u00e7adas.<\/p><p>Frequenta o Programa de Teologia, no Semin\u00e1rio Martin Bucer.<\/p>\t\t\t\t\t\t\t\t<\/div>\n\t\t\t\t<\/div>\n\t\t\t\t\t<\/div>\n\t\t<\/div>\n\t\t\t\t\t<\/div>\n\t\t<\/section>\n\t\t\t\t<section class=\"elementor-section elementor-top-section elementor-element elementor-element-4c642e8 elementor-section-content-top elementor-hidden-desktop elementor-hidden-tablet elementor-section-boxed elementor-section-height-default elementor-section-height-default\" data-id=\"4c642e8\" data-element_type=\"section\" data-e-type=\"section\">\n\t\t\t\t\t\t<div class=\"elementor-container elementor-column-gap-default\">\n\t\t\t\t\t<div class=\"elementor-column elementor-col-33 elementor-top-column elementor-element elementor-element-33cea6a\" data-id=\"33cea6a\" data-element_type=\"column\" data-e-type=\"column\">\n\t\t\t<div class=\"elementor-widget-wrap elementor-element-populated\">\n\t\t\t\t\t\t<div class=\"elementor-element elementor-element-78555a0 dce_masking-none elementor-widget elementor-widget-image\" data-id=\"78555a0\" data-element_type=\"widget\" data-e-type=\"widget\" data-widget_type=\"image.default\">\n\t\t\t\t<div class=\"elementor-widget-container\">\n\t\t\t\t\t\t\t\t\t\t\t\t\t\t\t<img fetchpriority=\"high\" decoding=\"async\" width=\"580\" height=\"580\" src=\"https:\/\/primeiraigreja.pt\/wp-content\/uploads\/2022\/07\/RBOliveira.jpg\" class=\"attachment-large size-large wp-image-14614\" alt=\"\" srcset=\"https:\/\/primeiraigreja.pt\/wp-content\/uploads\/2022\/07\/RBOliveira.jpg 640w, https:\/\/primeiraigreja.pt\/wp-content\/uploads\/2022\/07\/RBOliveira-300x300.jpg 300w, https:\/\/primeiraigreja.pt\/wp-content\/uploads\/2022\/07\/RBOliveira-150x150.jpg 150w\" sizes=\"(max-width: 580px) 100vw, 580px\" \/>\t\t\t\t\t\t\t\t\t\t\t\t\t\t\t<\/div>\n\t\t\t\t<\/div>\n\t\t\t\t\t<\/div>\n\t\t<\/div>\n\t\t\t\t<div class=\"elementor-column elementor-col-66 elementor-top-column elementor-element elementor-element-b98f21e\" data-id=\"b98f21e\" data-element_type=\"column\" data-e-type=\"column\">\n\t\t\t<div class=\"elementor-widget-wrap elementor-element-populated\">\n\t\t\t\t\t\t<div class=\"elementor-element elementor-element-ee0c605 elementor-widget elementor-widget-text-editor\" data-id=\"ee0c605\" data-element_type=\"widget\" data-e-type=\"widget\" data-widget_type=\"text-editor.default\">\n\t\t\t\t<div class=\"elementor-widget-container\">\n\t\t\t\t\t\t\t\t\t<h3>R\u00daBEN B. OLIVEIRA<\/h3><p><strong>Assistente Pastoral<\/strong><\/p><p>\u00c9 casado com a Selma e t\u00eam quatro filhos: Madalena, Jeremias, Paulo e Sara.<\/p><p>Licenciado em Hist\u00f3ria pela Faculdade de Letras da Universidade de Lisboa, especializou-se em Ci\u00eancias da Documenta\u00e7\u00e3o e Informa\u00e7\u00e3o (Arquiv\u00edstica) pela mesma faculdade.<\/p><p>Para al\u00e9m de Di\u00e1cono e Assistente Pastoral nesta Igreja, \u00e9 fundador da Sociedade Portuguesa da Hist\u00f3ria do Protestantismo e professor do Semin\u00e1rio Teol\u00f3gico Baptista.<\/p>\t\t\t\t\t\t\t\t<\/div>\n\t\t\t\t<\/div>\n\t\t\t\t\t<\/div>\n\t\t<\/div>\n\t\t\t\t\t<\/div>\n\t\t<\/section>\n\t\t\t\t<section class=\"elementor-section elementor-top-section elementor-element elementor-element-79318ba elementor-section-content-top elementor-hidden-desktop elementor-hidden-tablet elementor-section-boxed elementor-section-height-default elementor-section-height-default\" data-id=\"79318ba\" data-element_type=\"section\" data-e-type=\"section\">\n\t\t\t\t\t\t<div class=\"elementor-container elementor-column-gap-default\">\n\t\t\t\t\t<div class=\"elementor-column elementor-col-33 elementor-top-column elementor-element elementor-element-8d1e44d\" data-id=\"8d1e44d\" data-element_type=\"column\" data-e-type=\"column\">\n\t\t\t<div class=\"elementor-widget-wrap elementor-element-populated\">\n\t\t\t\t\t\t<div class=\"elementor-element elementor-element-057482b dce_masking-none elementor-widget elementor-widget-image\" data-id=\"057482b\" data-element_type=\"widget\" data-e-type=\"widget\" data-widget_type=\"image.default\">\n\t\t\t\t<div class=\"elementor-widget-container\">\n\t\t\t\t\t\t\t\t\t\t\t\t\t\t\t<img decoding=\"async\" width=\"580\" height=\"580\" src=\"https:\/\/primeiraigreja.pt\/wp-content\/uploads\/2024\/07\/WhatsApp-Image-2024-07-16-at-15.19.43-e1721208595600-1.jpeg\" class=\"attachment-large size-large wp-image-16569\" alt=\"\" srcset=\"https:\/\/primeiraigreja.pt\/wp-content\/uploads\/2024\/07\/WhatsApp-Image-2024-07-16-at-15.19.43-e1721208595600-1.jpeg 785w, https:\/\/primeiraigreja.pt\/wp-content\/uploads\/2024\/07\/WhatsApp-Image-2024-07-16-at-15.19.43-e1721208595600-1-300x300.jpeg 300w, https:\/\/primeiraigreja.pt\/wp-content\/uploads\/2024\/07\/WhatsApp-Image-2024-07-16-at-15.19.43-e1721208595600-1-150x150.jpeg 150w, https:\/\/primeiraigreja.pt\/wp-content\/uploads\/2024\/07\/WhatsApp-Image-2024-07-16-at-15.19.43-e1721208595600-1-768x768.jpeg 768w\" sizes=\"(max-width: 580px) 100vw, 580px\" \/>\t\t\t\t\t\t\t\t\t\t\t\t\t\t\t<\/div>\n\t\t\t\t<\/div>\n\t\t\t\t\t<\/div>\n\t\t<\/div>\n\t\t\t\t<div class=\"elementor-column elementor-col-66 elementor-top-column elementor-element elementor-element-9715b21\" data-id=\"9715b21\" data-element_type=\"column\" data-e-type=\"column\">\n\t\t\t<div class=\"elementor-widget-wrap elementor-element-populated\">\n\t\t\t\t\t\t<div class=\"elementor-element elementor-element-974df6f elementor-widget elementor-widget-text-editor\" data-id=\"974df6f\" data-element_type=\"widget\" data-e-type=\"widget\" data-widget_type=\"text-editor.default\">\n\t\t\t\t<div class=\"elementor-widget-container\">\n\t\t\t\t\t\t\t\t\t<h3>Rodrigo X. Cid<\/h3><p><strong>ESTAGI\u00c1RIO<\/strong><\/p><p>\u00c9 casado com a Micaela e t\u00eam uma filha: a Constan\u00e7a.<\/p><p>Licenciado em Engenharia Inform\u00e1tica pelo Instituto Superior de Tecnologias Avan\u00e7adas.<\/p><p>Frequenta o Programa de Teologia, no Semin\u00e1rio Martin Bucer.<\/p>\t\t\t\t\t\t\t\t<\/div>\n\t\t\t\t<\/div>\n\t\t\t\t\t<\/div>\n\t\t<\/div>\n\t\t\t\t\t<\/div>\n\t\t<\/section>\n\t\t\t\t<\/div>\n\t\t","protected":false},"excerpt":{"rendered":"<p>staff staff R\u00daBEN B. OLIVEIRA ASSISTENTE PASTORAL \u00c9 casado com a Selma e t\u00eam quatro filhos: Madalena, Jeremias, Paulo e Sara. Licenciado em Hist\u00f3ria pela Faculdade de Letras da Universidade de Lisboa, especializou-se em Ci\u00eancias da Documenta\u00e7\u00e3o e Informa\u00e7\u00e3o (Arquiv\u00edstica) pela mesma faculdade. Para al\u00e9m de Di\u00e1cono e Assistente Pastoral nesta Igreja, \u00e9 fundador da [&hellip;]<\/p>\n","protected":false},"author":1,"featured_media":0,"parent":0,"menu_order":0,"comment_status":"closed","ping_status":"closed","template":"elementor_header_footer","meta":{"_acf_changed":false,"footnotes":""},"series":[],"class_list":["post-15109","page","type-page","status-publish","hentry"],"acf":[],"_links":{"self":[{"href":"https:\/\/primeiraigreja.pt\/index.php?rest_route=\/wp\/v2\/pages\/15109","targetHints":{"allow":["GET"]}}],"collection":[{"href":"https:\/\/primeiraigreja.pt\/index.php?rest_route=\/wp\/v2\/pages"}],"about":[{"href":"https:\/\/primeiraigreja.pt\/index.php?rest_route=\/wp\/v2\/types\/page"}],"author":[{"embeddable":true,"href":"https:\/\/primeiraigreja.pt\/index.php?rest_route=\/wp\/v2\/users\/1"}],"replies":[{"embeddable":true,"href":"https:\/\/primeiraigreja.pt\/index.php?rest_route=%2Fwp%2Fv2%2Fcomments&post=15109"}],"version-history":[{"count":58,"href":"https:\/\/primeiraigreja.pt\/index.php?rest_route=\/wp\/v2\/pages\/15109\/revisions"}],"predecessor-version":[{"id":16818,"href":"https:\/\/primeiraigreja.pt\/index.php?rest_route=\/wp\/v2\/pages\/15109\/revisions\/16818"}],"wp:attachment":[{"href":"https:\/\/primeiraigreja.pt\/index.php?rest_route=%2Fwp%2Fv2%2Fmedia&parent=15109"}],"wp:term":[{"taxonomy":"series","embeddable":true,"href":"https:\/\/primeiraigreja.pt\/index.php?rest_route=%2Fwp%2Fv2%2Fseries&post=15109"}],"curies":[{"name":"wp","href":"https:\/\/api.w.org\/{rel}","templated":true}]}}